{"id":210,"date":"2014-01-29T10:06:50","date_gmt":"2014-01-29T09:06:50","guid":{"rendered":"https:\/\/mbbboutique.greenshift.eu\/produit\/dvd-ballet-cendrillon-malandain-ballet\/"},"modified":"2025-06-11T17:16:42","modified_gmt":"2025-06-11T15:16:42","slug":"dvd-ballet-cendrillon-malandain-ballet","status":"publish","type":"product","link":"https:\/\/malandainballet.com\/boutique\/produit\/dvd-ballet-cendrillon-malandain-ballet\/","title":{"rendered":"DVD Ballet Cendrillon"},"content":{"rendered":"<p style=\"text-align: justify;\">Tout en restant fid\u00e8le \u00e0 la dramaturgie de Cendrillon et \u00e0 la partition de Prokofiev, Thierry Malandain d\u00e9veloppe une approche toute personnelle, explorant certains th\u00e8mes qui lui sont chers.\u00a0Cendrillon, c\u2019est le parcours d\u2019une \u00e9toile, une \u00e9toile qui danse. Malandain nous emm\u00e8ne sur le chemin de l\u2019Accomplissement. Celui qui passe par le doute, le rejet, la souffrance, l\u2019espoir, pour atteindre enfin la lumi\u00e8re. Par cette vision, faite de cendres et de merveilleux, tant\u00f4t tragique, tant\u00f4t comique, s\u2019\u00e9crit quelque chose d\u2019universel&#8230;<\/p>\n<p class=\"MsoNormal\"><span style=\"font-family: Calibri; mso-bidi-font-family: Helvetica;\">\u00a0<\/span><\/p>\n<p class=\"MsoNormal\"><span style=\"color: #ff0000; font-family: Calibri;\"><strong>\u00a0<\/strong><\/span><\/p>\n","protected":false},"excerpt":{"rendered":"<p><span style=\"font-family: arial, helvetica, sans-serif; font-size: 10pt;\"> DVD vid\u00e9o \u2013 110 minutes<br \/>\nR\u00e9alisation : Georges Flor\u00e8s<br \/>\nCaptation : d\u00e9cembre 2013 &#8211; Gare du Midi<br \/>\nChor\u00e9graphie de Thierry Malandain<br \/>\n<\/span><\/p>\n<p>&nbsp;<\/p>\n","protected":false},"featured_media":209,"template":"","meta":[],"product_brand":[],"product_cat":[31],"product_tag":[],"class_list":{"0":"post-210","1":"product","2":"type-product","3":"status-publish","4":"has-post-thumbnail","6":"product_cat-dvd-video-malandain-ballet","8":"first","9":"instock","10":"taxable","11":"shipping-taxable","12":"purchasable","13":"product-type-simple"},"_links":{"self":[{"href":"https:\/\/malandainballet.com\/boutique\/wp-json\/wp\/v2\/product\/210","targetHints":{"allow":["GET"]}}],"collection":[{"href":"https:\/\/malandainballet.com\/boutique\/wp-json\/wp\/v2\/product"}],"about":[{"href":"https:\/\/malandainballet.com\/boutique\/wp-json\/wp\/v2\/types\/product"}],"wp:featuredmedia":[{"embeddable":true,"href":"https:\/\/malandainballet.com\/boutique\/wp-json\/wp\/v2\/media\/209"}],"wp:attachment":[{"href":"https:\/\/malandainballet.com\/boutique\/wp-json\/wp\/v2\/media?parent=210"}],"wp:term":[{"taxonomy":"product_brand","embeddable":true,"href":"https:\/\/malandainballet.com\/boutique\/wp-json\/wp\/v2\/product_brand?post=210"},{"taxonomy":"product_cat","embeddable":true,"href":"https:\/\/malandainballet.com\/boutique\/wp-json\/wp\/v2\/product_cat?post=210"},{"taxonomy":"product_tag","embeddable":true,"href":"https:\/\/malandainballet.com\/boutique\/wp-json\/wp\/v2\/product_tag?post=210"}],"curies":[{"name":"wp","href":"https:\/\/api.w.org\/{rel}","templated":true}]}}